{"id":2524,"date":"2023-04-11T16:59:53","date_gmt":"2023-04-11T14:59:53","guid":{"rendered":"https:\/\/www.juanverdun.com\/aviso-legal\/"},"modified":"2023-05-10T13:48:39","modified_gmt":"2023-05-10T11:48:39","slug":"rechtlicher-hinweis","status":"publish","type":"page","link":"https:\/\/www.juanverdun.com\/de\/rechtlicher-hinweis\/","title":{"rendered":"Rechtlicher Hinweis"},"content":{"rendered":"\t\t<div data-elementor-type=\"wp-page\" data-elementor-id=\"2524\" class=\"elementor elementor-2524 elementor-2517\" data-elementor-post-type=\"page\">\n\t\t\t\t\t\t<section class=\"elementor-section elementor-top-section elementor-element elementor-element-3a5e964b elementor-section-boxed elementor-section-height-default elementor-section-height-default\" data-id=\"3a5e964b\" data-element_type=\"section\" data-e-type=\"section\" data-settings=\"{&quot;background_background&quot;:&quot;classic&quot;}\">\n\t\t\t\t\t\t\t<div class=\"elementor-background-overlay\"><\/div>\n\t\t\t\t\t\t\t<div class=\"elementor-container elementor-column-gap-no\">\n\t\t\t\t\t<div class=\"elementor-column elementor-col-100 elementor-top-column elementor-element elementor-element-28e6f52c\" data-id=\"28e6f52c\" data-element_type=\"column\" data-e-type=\"column\">\n\t\t\t<div class=\"elementor-widget-wrap elementor-element-populated\">\n\t\t\t\t\t\t<div class=\"elementor-element elementor-element-1b473fc1 elementor-widget elementor-widget-heading\" data-id=\"1b473fc1\" data-element_type=\"widget\" data-e-type=\"widget\" data-widget_type=\"heading.default\">\n\t\t\t\t<div class=\"elementor-widget-container\">\n\t\t\t\t\t<h1 class=\"elementor-heading-title elementor-size-default\">Rechtlicher Hinweis<\/h1>\t\t\t\t<\/div>\n\t\t\t\t<\/div>\n\t\t\t\t\t<\/div>\n\t\t<\/div>\n\t\t\t\t\t<\/div>\n\t\t<\/section>\n\t\t\t\t<section class=\"elementor-section elementor-top-section elementor-element elementor-element-65ddd34c elementor-section-boxed elementor-section-height-default elementor-section-height-default\" data-id=\"65ddd34c\" data-element_type=\"section\" data-e-type=\"section\">\n\t\t\t\t\t\t<div class=\"elementor-container elementor-column-gap-default\">\n\t\t\t\t\t<div class=\"elementor-column elementor-col-100 elementor-top-column elementor-element elementor-element-180f88ec\" data-id=\"180f88ec\" data-element_type=\"column\" data-e-type=\"column\">\n\t\t\t<div class=\"elementor-widget-wrap elementor-element-populated\">\n\t\t\t\t\t\t<div class=\"elementor-element elementor-element-23fbefb0 elementor-widget elementor-widget-text-editor\" data-id=\"23fbefb0\" data-element_type=\"widget\" data-e-type=\"widget\" data-widget_type=\"text-editor.default\">\n\t\t\t\t<div class=\"elementor-widget-container\">\n\t\t\t\t\t\t\t\t\t<div class=\"elementor-element elementor-element-4228cf7 elementor-widget elementor-widget-heading\" data-id=\"4228cf7\" data-element_type=\"widget\" data-widget_type=\"heading.default\"><div class=\"elementor-widget-container\"><p>In \u00dcbereinstimmung mit dem Gesetz 34\/2002 vom 11. Juli \u00fcber die Dienste der Informationsgesellschaft und den elektronischen Handel (LSSI) informieren wir Sie dar\u00fcber:<\/p><p><strong>JUAN VERD\u00daN S.L<\/strong> mit CIF: B29841608 ist der Inhaber der Webdomain und hat seine Adresse in Pol\u00edgono Industrial La Mata, 9 29700 V\u00e9lez-M\u00e1laga (M\u00e1laga)<\/p><p><strong>Kontaktangaben:<\/strong><\/p><ul><li><strong>E-mail:<\/strong>juanverdun@juanverdun.com<\/li><li><strong>Handelsname: <\/strong>JUAN VERD\u00daN S.L<\/li><\/ul><h3><strong>ALLGEMEINE BEDINGUNGEN F\u00dcR DIE NUTZUNG DER WEBSITE<\/strong><\/h3><p>Der Dom\u00e4nenname www.juanverdunmarbella.com ist Eigentum von <strong>JUAN VERD\u00daN S.L<\/strong>. und seine ausschlie\u00dfliche Verwendung ist ihm vorbehalten..<\/p><p>Das offizielle Portal von www.juanverdunmarbella.com hat zum Ziel, die breite \u00d6ffentlichkeit \u00fcber die Aktivit\u00e4ten dieser Organisation und die von ihr angebotenen Produkte und Dienstleistungen im Bereich des Verkaufs und der Installation von T\u00fcren und Fenstern zu informieren.<\/p><p>Die Nutzung dieser Website setzt die ausdr\u00fcckliche und vollst\u00e4ndige Annahme der hier dargelegten Bedingungen voraus, unbeschadet der besonderen Bedingungen, die f\u00fcr einige der \u00fcber die Website angebotenen spezifischen Produkte oder Dienstleistungen gelten k\u00f6nnen.<\/p><p>.<\/p><p><strong>JUAN VERD\u00daN S.L <\/strong>beh\u00e4lt sich das Recht vor, jederzeit und ohne Vorank\u00fcndigung \u00c4nderungen und Aktualisierungen an den auf ihrer Website enthaltenen Informationen oder an ihrer Konfiguration und Pr\u00e4sentation vorzunehmen.<\/p><p>Um die auf dem Portal ver\u00f6ffentlichten Informationen auf dem neuesten Stand zu halten, kann ihr Inhalt jederzeit ge\u00e4ndert, berichtigt, entfernt oder erg\u00e4nzt werden, weshalb es ratsam ist, die G\u00fcltigkeit oder Richtigkeit derselben anhand offizieller Quellen zu \u00fcberpr\u00fcfen.<\/p><h3><strong>GEISTIGES UND GEWERBLICHES EIGENTUM UND RAHMEN<\/strong><\/h3><p>Alle Elemente, aus denen sich die Website zusammensetzt, sowie ihre Struktur, ihr Design, ihr Quellcode, ihre Logos, Marken und andere Unterscheidungsmerkmale, die auf ihr erscheinen, sind Eigentum von <strong>JUAN VERD\u00daN S.L.<\/strong> oder seiner Mitarbeiter und sind durch die entsprechenden geistigen und gewerblichen Eigentumsrechte gesch\u00fctzt.<\/p><p>Die in den Portalen enthaltenen Bilder und anderen grafischen Elemente sind ebenfalls durch die entsprechenden geistigen und gewerblichen Eigentumsrechte gesch\u00fctzt.<\/p><p><strong>JUAN VERD\u00daN S.L<\/strong>verbietet ausdr\u00fccklich das Framing oder die Verwendung von anderen Mechanismen durch Dritte, die das Design, die urspr\u00fcngliche Konfiguration oder den Inhalt unserer Portale ver\u00e4ndern<strong>.<\/strong><\/p><p>Die Nutzung der Inhalte muss unter Ber\u00fccksichtigung ihrer besonderen Lizenz erfolgen. Die Nutzung, Vervielf\u00e4ltigung, Verbreitung, \u00f6ffentliche Bekanntmachung, Umwandlung oder jede andere \u00e4hnliche oder analoge T\u00e4tigkeit ist ohne vorherige und ausdr\u00fcckliche Genehmigung von <strong>JUAN VERD\u00daN S.L<\/strong>. vollst\u00e4ndig verboten.<\/p><p>Hinsichtlich der Zitate von Nachrichten, Produkten und Dienstleistungen Dritter, die auf der Website erscheinen k\u00f6nnen, erkennt <strong>JUAN VERD\u00daN S.L<\/strong>. die entsprechenden gewerblichen und geistigen Eigentumsrechte zugunsten ihrer Eigent\u00fcmer an, und ihre blo\u00dfe Erw\u00e4hnung oder ihr Erscheinen auf der Website impliziert weder das Bestehen von Rechten noch irgendeine Verantwortung f\u00fcr sie, noch impliziert sie eine Bef\u00fcrwortung, F\u00f6rderung oder Empfehlung.<\/p><p><strong>JUAN VERD\u00daN S.L <\/strong>erkl\u00e4rt, die Rechte am geistigen und gewerblichen Eigentum Dritter zu respektieren; wenn Sie also der Meinung sind, dass unsere Portale Ihre Rechte verletzen, wenden Sie sich bitte an\u00a0<strong>JUAN VERD\u00daN S.L<\/strong>.<\/p><h3>VERANTWORTUNG<\/h3><p><strong>JUAN VERD\u00daN S.L<\/strong>\u00a0garantiert nicht, dass keine Fehler beim Zugriff auf die Website oder in ihrem Inhalt auftreten oder dass sie auf dem neuesten Stand ist, obwohl <strong>JUAN VERD\u00daN S.L<\/strong>. sich nach besten Kr\u00e4ften bem\u00fcht, diese zu vermeiden, zu korrigieren oder zu aktualisieren, je nachdem.<\/p><p>Sowohl der Zugang zu den Portalen von <strong>JUAN VERD\u00daN S.L<\/strong>. als auch die Nutzung der darin enthaltenen Informationen liegen in der alleinigen Verantwortung des Nutzers.<\/p><p><strong>JUAN VERD\u00daN S.L<\/strong>ist nicht verantwortlich f\u00fcr eventuelle Sicherheitsfehler oder f\u00fcr eventuelle Sch\u00e4den am Computersystem (Hardware und Software) des Nutzers, an den darin gespeicherten Dateien oder Dokumenten, die durch das Vorhandensein eines Virus auf dem Computer des Nutzers, der f\u00fcr die Verbindung zu den Diensten und Inhalten der Website verwendet wird, durch eine Fehlfunktion des Browsers oder durch die Verwendung nicht aktualisierter Versionen desselben verursacht werden<strong>.<\/strong><\/p><p><strong>JUAN VERD\u00daN S.L <\/strong>ist nicht verantwortlich f\u00fcr die Informationen und Inhalte, die in Foren, Chats, Blogs, Kommentaren, sozialen Netzwerken oder anderen Medien gespeichert werden, die es Dritten erm\u00f6glichen, unabh\u00e4ngig Inhalte auf der Website von\u00a0<strong>JUAN VERD\u00daN S.L<\/strong>.<\/p><p>In \u00dcbereinstimmung mit den Bestimmungen des LSSI steht <strong>JUAN VERD\u00daN S.L<\/strong>. jedoch allen Nutzern, Beh\u00f6rden und Sicherheitskr\u00e4ften zur Verf\u00fcgung und arbeitet aktiv an der Entfernung oder Sperrung aller Inhalte mit, die die nationale oder internationale Gesetzgebung, die Rechte Dritter oder die Moral und die \u00f6ffentliche Ordnung beeintr\u00e4chtigen oder dagegen versto\u00dfen k\u00f6nnten. Sollte der Nutzer der Meinung sein, dass sich auf der Website Inhalte befinden, die dieser Einstufung unterliegen k\u00f6nnten, so ist <strong>JUAN VERD\u00daN S.L.<\/strong> zu kontaktieren.<\/p><h3>LINKS ODER HYPERLINKS<\/h3><p>Die Website kann Links zu Inhalten enthalten, die auf Webinhalte Dritter verweisen. Diese Links dienen ausschlie\u00dflich dazu, Ihnen die Suche nach Ressourcen im Internet zu erleichtern, die f\u00fcr Sie von Interesse sein k\u00f6nnten. Diese Seiten geh\u00f6ren jedoch nicht JUAN VERD\u00daN S.L. und <strong>JUAN VERD\u00daN S.L<\/strong>. \u00fcberpr\u00fcft auch nicht deren Inhalt. Daher \u00fcbernimmt <strong>JUAN VERD\u00daN S.L<\/strong>. keine Verantwortung f\u00fcr den Inhalt, die Informationen oder die Dienstleistungen, die auf diesen Seiten erscheinen k\u00f6nnen, die ausschlie\u00dflich zu Informationszwecken dienen und die in keinem Fall eine Beziehung zwischen <strong>JUAN VERD\u00daN S.L<\/strong>. und den Personen oder K\u00f6rperschaften implizieren, die Eigent\u00fcmer dieser Inhalte oder Eigent\u00fcmer der Seiten sind, auf denen sie sich befinden. <strong>JUAN VERD\u00daN S.L<\/strong>. kann auch nicht f\u00fcr das Funktionieren der verlinkten Seite oder f\u00fcr eventuelle Sch\u00e4den, die durch den Zugriff oder die Nutzung dieser Seite entstehen k\u00f6nnen, verantwortlich gemacht werden.<\/p><p>Links zur Website von <strong>JUAN VERD\u00daN S.L<\/strong>. m\u00fcssen die folgenden Bedingungen erf\u00fcllen::<\/p><ol><li>Die Einrichtung des Links impliziert keine Art von Vereinbarung, Vertrag, Sponsoring oder Empfehlung durch <strong>JUAN VERD\u00daN S.L<\/strong>. der Seite, die den Link macht.<\/li><li>Die Website, auf der der Hyperlink eingerichtet wird, darf keine Informationen mit rechtswidrigem, diskriminierendem, gegen die allgemein anerkannten ethischen Grunds\u00e4tze oder die \u00f6ffentliche Ordnung versto\u00dfendem Inhalt enthalten, noch darf sie Inhalte enthalten, die die Rechte Dritter verletzen.<\/li><li><strong>JUAN VERD\u00daN S.L.<\/strong> kann die Entfernung eines Links zu seiner Website verlangen, ohne daf\u00fcr einen Grund angeben zu m\u00fcssen. In einem solchen Fall muss die Seite, die den Link gesetzt hat, diesen unverz\u00fcglich entfernen, sobald <strong>JUAN VERD\u00daN S.L<\/strong>. die Mitteilung erh\u00e4lt.<\/li><li>Es ist in keiner Weise verantwortlich noch garantiert es die Qualit\u00e4t, Genauigkeit, Zuverl\u00e4ssigkeit, Korrektheit oder Moral der Inhalte oder Dienstleistungen, die die Einrichtung des Hyperlinks bieten kann. Der Nutzer \u00fcbernimmt die alleinige Verantwortung f\u00fcr alle Folgen, Sch\u00e4den oder Handlungen, die sich aus dem Zugriff auf die verlinkte Website ergeben k\u00f6nnen.<\/li><\/ol><h3>SCHUTZ DER PERSONENBEZOGENEN DATEN<\/h3><p><strong>JUAN VERD\u00daN S.L<\/strong>verpflichtet sich nachdr\u00fccklich zur Einhaltung der Vorschriften zum Schutz personenbezogener Daten und garantiert die vollst\u00e4ndige Einhaltung der festgelegten Verpflichtungen sowie die Umsetzung geeigneter Sicherheitsma\u00dfnahmen, um ein dem Risiko angemessenes Sicherheitsniveau zu gew\u00e4hrleisten<strong>.<\/strong><\/p><p><strong>JUAN VERD\u00daN S.L<\/strong>stellt den Nutzern seine Datenschutzpolitik zur Verf\u00fcgung und bietet ausf\u00fchrliche Informationen \u00fcber die von der Einrichtung durchgef\u00fchrte Datenverarbeitung<strong>:<\/strong><\/p><table width=\"100%\"><tbody><tr><td colspan=\"5\"><strong>ZUS\u00c4TZLICHE INFORMATIONEN ZUM DATENSCHUTZ<\/strong><\/td><\/tr><tr><td colspan=\"5\"><strong>Wer ist der f\u00fcr die Verarbeitung Ihrer Daten Verantwortliche?<\/strong><\/td><\/tr><tr><td colspan=\"2\" width=\"30%\">Identit\u00e4t:<\/td><td colspan=\"3\" width=\"70%\"><strong>JUAN VERD\u00daN S.L <\/strong>\u2013 B29841608<\/td><\/tr><tr><td colspan=\"2\" width=\"30%\">Postanschrift:<\/td><td colspan=\"3\" width=\"70%\">Pol\u00edgono Industrial La Mata, 9 29700 V\u00e9lez-M\u00e1laga (M\u00e1laga)<\/td><\/tr><tr><td colspan=\"2\" width=\"30%\">E-Mail Adresse:<\/td><td colspan=\"3\" width=\"70%\"><div class=\"qpEBEc\"><div class=\"q6rarf\"><div class=\"Wdz6e ZnExKf\">juanverdun@juanverdun.com<\/div><\/div><\/div><\/td><\/tr><tr><td colspan=\"5\"><strong>Zu welchen Zwecken verarbeiten wir Ihre personenbezogenen Daten?<\/strong><\/td><\/tr><tr><td colspan=\"5\">Bei <strong>JUAN VERD\u00daN S.L<\/strong>. verarbeiten wir die von unseren Interessengruppen zur Verf\u00fcgung gestellten Informationen f\u00fcr die folgenden Zwecke:<\/td><\/tr><tr><td width=\"18%\"><strong>Datenverarbeitung<\/strong><\/td><td colspan=\"3\" width=\"32%\"><strong>Zweck der Verarbeitung<\/strong><\/td><td width=\"48%\"><strong>Dauer der Datenspeicherung<\/strong><\/td><\/tr><tr><td width=\"18%\">LEHRPUNKTE<\/td><td colspan=\"3\" width=\"32%\">KUNDEN-, BUCHHALTUNGS-, STEUER- UND VERWALTUNGSMANAGEMENT.<br \/>Auf der Grundlage dieses Profils werden keine automatisierten Entscheidungen getroffen. PERSONALWESEN<br \/>Es werden keine automatisierten Entscheidungen auf der Grundlage dieses Profils getroffen.<\/td><td width=\"48%\">Die verarbeiteten personenbezogenen Daten werden so lange aufbewahrt, wie es f\u00fcr den Zweck der Verarbeitung erforderlich ist, und werden auf Antrag der betroffenen Person oder nach Abschluss der Verarbeitung gel\u00f6scht, unbeschadet der Aufbewahrungsfristen, die in den geltenden Vorschriften festgelegt sind, um etwaigen Verpflichtungen nachkommen zu k\u00f6nnen..<\/td><\/tr><tr><td width=\"18%\">WEB-FORMULAR<\/td><td colspan=\"3\" width=\"32%\">KUNDEN-, BUCHHALTUNGS-, STEUER- UND VERWALTUNGSMANAGEMENT.<br \/>Auf der Grundlage dieses Profils werden keine automatisierten Entscheidungen getroffen. BERUFLICHER KONTAKT<br \/>Auf der Grundlage dieses Profils werden keine automatisierten Entscheidungen getroffen..<\/td><td width=\"48%\">Die verarbeiteten personenbezogenen Daten werden so lange aufbewahrt, wie es f\u00fcr den Zweck der Verarbeitung erforderlich ist, und werden auf Antrag der betroffenen Person oder nach Abschluss der Verarbeitung gel\u00f6scht, unbeschadet der Aufbewahrungsfristen, die in den geltenden Vorschriften festgelegt sind, um etwaigen Verpflichtungen nachkommen zu k\u00f6nnen..<\/td><\/tr><tr><td colspan=\"5\"><h4><strong>Inwieweit ist die Verarbeitung dieser Daten rechtm\u00e4\u00dfig?<\/strong><\/h4><\/td><\/tr><tr><td colspan=\"5\">Die Rechtsgrundlagen f\u00fcr die Verarbeitung personenbezogener Daten bei <strong>JUAN VERD\u00daN S.L<\/strong>. sind wie folgt:<\/td><\/tr><tr><td width=\"18%\"><strong>Datenverarbeitung<\/strong><\/td><td colspan=\"4\" width=\"81%\"><strong>Legitimierung der Verarbeitung<\/strong><\/td><\/tr><tr><td width=\"18%\">LEHRPUNKTE<\/td><td colspan=\"4\" width=\"81%\">Einwilligung der betroffenen Person, die jederzeit widerrufen werden kann, ohne dass die Rechtm\u00e4\u00dfigkeit der Verarbeitung, die auf der Einwilligung vor deren Widerruf beruht, ber\u00fchrt wird..<\/td><\/tr><tr><td width=\"18%\">WEB-FORMULAR<\/td><td colspan=\"4\" width=\"81%\">Die Einwilligung der betroffenen Person kann jederzeit widerrufen werden, ohne dass die Rechtm\u00e4\u00dfigkeit der aufgrund der Einwilligung bis zum Widerruf erfolgten Verarbeitung ber\u00fchrt wird.<\/td><\/tr><tr><td colspan=\"5\"><h4>An welche Empf\u00e4nger werden Ihre Daten weitergegeben?<\/h4><\/td><\/tr><tr><td colspan=\"5\">Die Durchf\u00fchrung dieser Verarbeitungen kann die Verkn\u00fcpfung Ihrer Daten mit Verarbeitungen durch Dritte beinhalten. Nachstehend finden Sie die Bestimmungen \u00fcber die \u00dcbermittlung Ihrer Daten.<\/td><\/tr><tr><td><strong>Datenverarbeitung<\/strong><\/td><td colspan=\"2\"><strong>Prognose der Ver\u00e4u\u00dferungen<\/strong><\/td><td colspan=\"2\"><strong>Internationale \u00dcberweisungeninternacionales<\/strong><\/td><\/tr><tr><td>LEHRPUNKTE<\/td><td colspan=\"2\">Ihre Daten werden nicht an Dritte weitergegeben, es sei denn, Sie sind gesetzlich dazu verpflichtet.<\/td><td colspan=\"2\">Es werden keine Daten in L\u00e4nder au\u00dferhalb der EU \u00fcbermittelt.<\/td><\/tr><tr><td>WEB-FORMULAR<\/td><td colspan=\"2\">Ihre Daten werden nicht an Dritte weitergegeben, es sei denn, Sie sind gesetzlich dazu verpflichtet.<\/td><td colspan=\"2\">Es werden keine Daten in L\u00e4nder au\u00dferhalb der EU \u00fcbermittelt.<\/td><\/tr><tr><td colspan=\"5\"><h4>Welche Rechte haben Sie, wenn Sie uns Ihre Daten zur Verf\u00fcgung stellen?<\/h4><\/td><\/tr><tr><td colspan=\"5\"><p>Jede Person hat das Recht, eine Best\u00e4tigung dar\u00fcber zu erhalten, ob <strong>JUAN VERD\u00daN S.L<\/strong>. sie betreffende personenbezogene Daten verarbeitet oder nicht.<\/p><p>Die betroffenen Personen haben das Recht, auf ihre personenbezogenen Daten zuzugreifen sowie die Berichtigung unrichtiger Daten oder gegebenenfalls deren L\u00f6schung zu verlangen, wenn die Daten unter anderem f\u00fcr die Zwecke, f\u00fcr die sie erhoben wurden, nicht mehr erforderlich sind.<\/p><p>Unter bestimmten Umst\u00e4nden k\u00f6nnen die betroffenen Personen die Einschr\u00e4nkung der Verarbeitung ihrer Daten verlangen; in diesem Fall werden wir die Daten nur zur Geltendmachung oder Abwehr von Anspr\u00fcchen aufbewahren.<\/p><p>Unter bestimmten Umst\u00e4nden und aus Gr\u00fcnden, die mit ihrer besonderen Situation zusammenh\u00e4ngen, k\u00f6nnen die betroffenen Personen der Verarbeitung ihrer Daten widersprechen. <strong>JUAN VERD\u00daN S.L.<\/strong> wird dann die Verarbeitung der Daten einstellen, es sei denn, es liegen berechtigte und zwingende Gr\u00fcnde vor oder es geht um die Geltendmachung oder Verteidigung etwaiger Anspr\u00fcche.<\/p><p>Ebenso haben die Betroffenen unter bestimmten Umst\u00e4nden und sofern technisch m\u00f6glich das Recht, ihre personenbezogenen Daten auf Antrag direkt an einen anderen f\u00fcr die Verarbeitung Verantwortlichen zu \u00fcbermitteln. Um diese Rechte auszu\u00fcben, wenden Sie sich bitte schriftlich an uns:<\/p><p><strong>JUAN VERD\u00daN S.L<\/strong>, Pol\u00edgono Industrial La Mata, 9 29700 V\u00e9lez-M\u00e1laga (M\u00e1laga), oder per E-Mail an juanverdun@juanverdun.com unter Beif\u00fcgung einer Kopie Ihres Personalausweises.<\/p><p>Sie k\u00f6nnen sich auch an die spanische Datenschutzbeh\u00f6rde wenden, um eine Beschwerde einzureichen, insbesondere wenn Sie bei der Aus\u00fcbung Ihrer Rechte nicht zufrieden gestellt wurden.<\/p><\/td><\/tr><tr><td width=\"134\">\u00a0<\/td><td width=\"79\">\u00a0<\/td><td width=\"76\">\u00a0<\/td><td width=\"76\">\u00a0<\/td><td width=\"342\">\u00a0<\/td><\/tr><\/tbody><\/table><\/div><\/div><div class=\"elementor-element elementor-element-4228cf7 elementor-widget elementor-widget-heading\" data-id=\"4228cf7\" data-element_type=\"widget\" data-widget_type=\"heading.default\">\u00a0<\/div>\t\t\t\t\t\t\t\t<\/div>\n\t\t\t\t<\/div>\n\t\t\t\t\t<\/div>\n\t\t<\/div>\n\t\t\t\t\t<\/div>\n\t\t<\/section>\n\t\t\t\t<section class=\"elementor-section elementor-top-section elementor-element elementor-element-36b2322 elementor-section-full_width elementor-section-height-default elementor-section-height-default\" data-id=\"36b2322\" data-element_type=\"section\" data-e-type=\"section\">\n\t\t\t\t\t\t<div class=\"elementor-container elementor-column-gap-no\">\n\t\t\t\t\t<div class=\"elementor-column elementor-col-50 elementor-top-column elementor-element elementor-element-2b9ef560\" data-id=\"2b9ef560\" data-element_type=\"column\" data-e-type=\"column\" data-settings=\"{&quot;background_background&quot;:&quot;classic&quot;}\">\n\t\t\t<div class=\"elementor-widget-wrap elementor-element-populated\">\n\t\t\t\t\t<div class=\"elementor-background-overlay\"><\/div>\n\t\t\t\t\t\t<section class=\"elementor-section elementor-inner-section elementor-element elementor-element-48793adb elementor-section-boxed elementor-section-height-default elementor-section-height-default\" data-id=\"48793adb\" data-element_type=\"section\" data-e-type=\"section\">\n\t\t\t\t\t\t<div class=\"elementor-container elementor-column-gap-no\">\n\t\t\t\t\t<div class=\"elementor-column elementor-col-100 elementor-inner-column elementor-element elementor-element-4d3433b\" data-id=\"4d3433b\" data-element_type=\"column\" data-e-type=\"column\">\n\t\t\t<div class=\"elementor-widget-wrap elementor-element-populated\">\n\t\t\t\t\t\t<div class=\"elementor-element elementor-element-456546e3 elementor-widget elementor-widget-heading\" data-id=\"456546e3\" data-element_type=\"widget\" data-e-type=\"widget\" data-widget_type=\"heading.default\">\n\t\t\t\t<div class=\"elementor-widget-container\">\n\t\t\t\t\t<h4 class=\"elementor-heading-title elementor-size-default\">Nachhaltigkeit<\/h4>\t\t\t\t<\/div>\n\t\t\t\t<\/div>\n\t\t\t\t<div class=\"elementor-element elementor-element-63d58a42 elementor-widget elementor-widget-heading\" data-id=\"63d58a42\" data-element_type=\"widget\" data-e-type=\"widget\" data-widget_type=\"heading.default\">\n\t\t\t\t<div class=\"elementor-widget-container\">\n\t\t\t\t\t<h2 class=\"elementor-heading-title elementor-size-default\">Engagiert f\u00fcr die Erhaltung der Energie<\/h2>\t\t\t\t<\/div>\n\t\t\t\t<\/div>\n\t\t\t\t<div class=\"elementor-element elementor-element-29a9dbc elementor-widget elementor-widget-text-editor\" data-id=\"29a9dbc\" data-element_type=\"widget\" data-e-type=\"widget\" data-widget_type=\"text-editor.default\">\n\t\t\t\t<div class=\"elementor-widget-container\">\n\t\t\t\t\t\t\t\t\t<p>Das PVC-D\u00e4mmsystem erm\u00f6glicht es, die W\u00e4rme in den R\u00e4umen zu halten und sie gegen K\u00e4lte, Hitze und L\u00e4rm zu isolieren.<\/p>\t\t\t\t\t\t\t\t<\/div>\n\t\t\t\t<\/div>\n\t\t\t\t<div class=\"elementor-element elementor-element-6b9460b8 elementor-widget elementor-widget-button\" data-id=\"6b9460b8\" data-element_type=\"widget\" data-e-type=\"widget\" data-widget_type=\"button.default\">\n\t\t\t\t<div class=\"elementor-widget-container\">\n\t\t\t\t\t\t\t\t\t<div class=\"elementor-button-wrapper\">\n\t\t\t\t\t<a class=\"elementor-button elementor-button-link elementor-size-sm\" href=\"https:\/\/juanverdun.com\/de\/kontakt\/\">\n\t\t\t\t\t\t<span class=\"elementor-button-content-wrapper\">\n\t\t\t\t\t\t\t\t\t<span class=\"elementor-button-text\">Kontakt<\/span>\n\t\t\t\t\t<\/span>\n\t\t\t\t\t<\/a>\n\t\t\t\t<\/div>\n\t\t\t\t\t\t\t\t<\/div>\n\t\t\t\t<\/div>\n\t\t\t\t\t<\/div>\n\t\t<\/div>\n\t\t\t\t\t<\/div>\n\t\t<\/section>\n\t\t\t\t\t<\/div>\n\t\t<\/div>\n\t\t\t\t<div class=\"elementor-column elementor-col-50 elementor-top-column elementor-element elementor-element-7650caa\" data-id=\"7650caa\" data-element_type=\"column\" data-e-type=\"column\" data-settings=\"{&quot;background_background&quot;:&quot;classic&quot;}\">\n\t\t\t<div class=\"elementor-widget-wrap elementor-element-populated\">\n\t\t\t\t\t<div class=\"elementor-background-overlay\"><\/div>\n\t\t\t\t\t\t<section class=\"elementor-section elementor-inner-section elementor-element elementor-element-4543ee2f elementor-section-boxed elementor-section-height-default elementor-section-height-default\" data-id=\"4543ee2f\" data-element_type=\"section\" data-e-type=\"section\">\n\t\t\t\t\t\t<div class=\"elementor-container elementor-column-gap-no\">\n\t\t\t\t\t<div class=\"elementor-column elementor-col-100 elementor-inner-column elementor-element elementor-element-457d1366\" data-id=\"457d1366\" data-element_type=\"column\" data-e-type=\"column\">\n\t\t\t<div class=\"elementor-widget-wrap elementor-element-populated\">\n\t\t\t\t\t\t<div class=\"elementor-element elementor-element-e4fd06a elementor-widget elementor-widget-heading\" data-id=\"e4fd06a\" data-element_type=\"widget\" data-e-type=\"widget\" data-widget_type=\"heading.default\">\n\t\t\t\t<div class=\"elementor-widget-container\">\n\t\t\t\t\t<h3 class=\"elementor-heading-title elementor-size-default\">Wir befolgen die besten Praktiken<\/h3>\t\t\t\t<\/div>\n\t\t\t\t<\/div>\n\t\t\t\t<div class=\"elementor-element elementor-element-12b2f146 elementor-widget elementor-widget-text-editor\" data-id=\"12b2f146\" data-element_type=\"widget\" data-e-type=\"widget\" data-widget_type=\"text-editor.default\">\n\t\t\t\t<div class=\"elementor-widget-container\">\n\t\t\t\t\t\t\t\t\t<p>Juan Verd\u00fan ist ein Unternehmen, das sich f\u00fcr seine Kunden und die Umwelt einsetzt.<\/p>\t\t\t\t\t\t\t\t<\/div>\n\t\t\t\t<\/div>\n\t\t\t\t<div class=\"elementor-element elementor-element-82fe5f4 elementor-icon-list--layout-traditional elementor-list-item-link-full_width elementor-widget elementor-widget-icon-list\" data-id=\"82fe5f4\" data-element_type=\"widget\" data-e-type=\"widget\" data-widget_type=\"icon-list.default\">\n\t\t\t\t<div class=\"elementor-widget-container\">\n\t\t\t\t\t\t\t<ul class=\"elementor-icon-list-items\">\n\t\t\t\t\t\t\t<li class=\"elementor-icon-list-item\">\n\t\t\t\t\t\t\t\t\t\t\t<span class=\"elementor-icon-list-icon\">\n\t\t\t\t\t\t\t<i aria-hidden=\"true\" class=\"fas fa-recycle\"><\/i>\t\t\t\t\t\t<\/span>\n\t\t\t\t\t\t\t\t\t\t<span class=\"elementor-icon-list-text\">Nachhaltigkeit<\/span>\n\t\t\t\t\t\t\t\t\t<\/li>\n\t\t\t\t\t\t\t\t<li class=\"elementor-icon-list-item\">\n\t\t\t\t\t\t\t\t\t\t\t<span class=\"elementor-icon-list-icon\">\n\t\t\t\t\t\t\t<i aria-hidden=\"true\" class=\"fas fa-clock\"><\/i>\t\t\t\t\t\t<\/span>\n\t\t\t\t\t\t\t\t\t\t<span class=\"elementor-icon-list-text\">Projekte im Zeitplan<\/span>\n\t\t\t\t\t\t\t\t\t<\/li>\n\t\t\t\t\t\t\t\t<li class=\"elementor-icon-list-item\">\n\t\t\t\t\t\t\t\t\t\t\t<span class=\"elementor-icon-list-icon\">\n\t\t\t\t\t\t\t<i aria-hidden=\"true\" class=\"fas fa-desktop\"><\/i>\t\t\t\t\t\t<\/span>\n\t\t\t\t\t\t\t\t\t\t<span class=\"elementor-icon-list-text\">Modernste Technologie<\/span>\n\t\t\t\t\t\t\t\t\t<\/li>\n\t\t\t\t\t\t\t\t<li class=\"elementor-icon-list-item\">\n\t\t\t\t\t\t\t\t\t\t\t<span class=\"elementor-icon-list-icon\">\n\t\t\t\t\t\t\t<i aria-hidden=\"true\" class=\"fas fa-pencil-ruler\"><\/i>\t\t\t\t\t\t<\/span>\n\t\t\t\t\t\t\t\t\t\t<span class=\"elementor-icon-list-text\">Avantgardistische Entw\u00fcrfe<\/span>\n\t\t\t\t\t\t\t\t\t<\/li>\n\t\t\t\t\t\t<\/ul>\n\t\t\t\t\t\t<\/div>\n\t\t\t\t<\/div>\n\t\t\t\t\t<\/div>\n\t\t<\/div>\n\t\t\t\t\t<\/div>\n\t\t<\/section>\n\t\t\t\t\t<\/div>\n\t\t<\/div>\n\t\t\t\t\t<\/div>\n\t\t<\/section>\n\t\t\t\t<\/div>\n\t\t","protected":false},"excerpt":{"rendered":"<p>Rechtlicher Hinweis In \u00dcbereinstimmung mit dem Gesetz 34\/2002 vom 11. Juli \u00fcber die Dienste der Informationsgesellschaft und den elektronischen Handel (LSSI) informieren wir Sie dar\u00fcber: JUAN VERD\u00daN S.L mit CIF: B29841608 ist der Inhaber der Webdomain und hat seine Adresse in Pol\u00edgono Industrial La Mata, 9 29700 V\u00e9lez-M\u00e1laga (M\u00e1laga) Kontaktangaben: E-mail:juanverdun@juanverdun.com Handelsname: JUAN VERD\u00daN S.L [&hellip;]<\/p>\n","protected":false},"author":4,"featured_media":0,"parent":0,"menu_order":0,"comment_status":"closed","ping_status":"closed","template":"","meta":{"site-sidebar-layout":"default","site-content-layout":"page-builder","ast-site-content-layout":"default","site-content-style":"default","site-sidebar-style":"default","ast-global-header-display":"","ast-banner-title-visibility":"","ast-main-header-display":"","ast-hfb-above-header-display":"","ast-hfb-below-header-display":"","ast-hfb-mobile-header-display":"","site-post-title":"disabled","ast-breadcrumbs-content":"","ast-featured-img":"disabled","footer-sml-layout":"","ast-disable-related-posts":"","theme-transparent-header-meta":"enabled","adv-header-id-meta":"","stick-header-meta":"","header-above-stick-meta":"","header-main-stick-meta":"","header-below-stick-meta":"","astra-migrate-meta-layouts":"default","ast-page-background-enabled":"default","ast-page-background-meta":{"desktop":{"background-color":"var(--ast-global-color-4)","background-image":"","background-repeat":"repeat","background-position":"center center","background-size":"auto","background-attachment":"scroll","background-type":"","background-media":"","overlay-type":"","overlay-color":"","overlay-opacity":"","overlay-gradient":""},"tablet":{"background-color":"","background-image":"","background-repeat":"repeat","background-position":"center center","background-size":"auto","background-attachment":"scroll","background-type":"","background-media":"","overlay-type":"","overlay-color":"","overlay-opacity":"","overlay-gradient":""},"mobile":{"background-color":"","background-image":"","background-repeat":"repeat","background-position":"center center","background-size":"auto","background-attachment":"scroll","background-type":"","background-media":"","overlay-type":"","overlay-color":"","overlay-opacity":"","overlay-gradient":""}},"ast-content-background-meta":{"desktop":{"background-color":"var(--ast-global-color-5)","background-image":"","background-repeat":"repeat","background-position":"center center","background-size":"auto","background-attachment":"scroll","background-type":"","background-media":"","overlay-type":"","overlay-color":"","overlay-opacity":"","overlay-gradient":""},"tablet":{"background-color":"var(--ast-global-color-5)","background-image":"","background-repeat":"repeat","background-position":"center center","background-size":"auto","background-attachment":"scroll","background-type":"","background-media":"","overlay-type":"","overlay-color":"","overlay-opacity":"","overlay-gradient":""},"mobile":{"background-color":"var(--ast-global-color-5)","background-image":"","background-repeat":"repeat","background-position":"center center","background-size":"auto","background-attachment":"scroll","background-type":"","background-media":"","overlay-type":"","overlay-color":"","overlay-opacity":"","overlay-gradient":""}},"_joinchat":[],"footnotes":""},"class_list":["post-2524","page","type-page","status-publish","hentry"],"_links":{"self":[{"href":"https:\/\/www.juanverdun.com\/de\/wp-json\/wp\/v2\/pages\/2524","targetHints":{"allow":["GET"]}}],"collection":[{"href":"https:\/\/www.juanverdun.com\/de\/wp-json\/wp\/v2\/pages"}],"about":[{"href":"https:\/\/www.juanverdun.com\/de\/wp-json\/wp\/v2\/types\/page"}],"author":[{"embeddable":true,"href":"https:\/\/www.juanverdun.com\/de\/wp-json\/wp\/v2\/users\/4"}],"replies":[{"embeddable":true,"href":"https:\/\/www.juanverdun.com\/de\/wp-json\/wp\/v2\/comments?post=2524"}],"version-history":[{"count":0,"href":"https:\/\/www.juanverdun.com\/de\/wp-json\/wp\/v2\/pages\/2524\/revisions"}],"wp:attachment":[{"href":"https:\/\/www.juanverdun.com\/de\/wp-json\/wp\/v2\/media?parent=2524"}],"curies":[{"name":"wp","href":"https:\/\/api.w.org\/{rel}","templated":true}]}}