{"id":2443,"date":"2012-10-24T22:01:36","date_gmt":"2012-10-24T22:01:36","guid":{"rendered":"https:\/\/www.juanverdun.com\/politica-de-privacidad\/"},"modified":"2023-05-08T16:53:56","modified_gmt":"2023-05-08T14:53:56","slug":"privatsphaere-und-datenschutz","status":"publish","type":"page","link":"https:\/\/www.juanverdun.com\/de\/privatsphaere-und-datenschutz\/","title":{"rendered":"Privatsph\u00e4re und Datenschutz"},"content":{"rendered":"\t\t<div data-elementor-type=\"wp-page\" data-elementor-id=\"2443\" class=\"elementor elementor-2443 elementor-397\" data-elementor-post-type=\"page\">\n\t\t\t\t\t\t<section class=\"elementor-section elementor-top-section elementor-element elementor-element-4d72044f elementor-section-boxed elementor-section-height-default elementor-section-height-default\" data-id=\"4d72044f\" data-element_type=\"section\" data-e-type=\"section\" data-settings=\"{&quot;background_background&quot;:&quot;classic&quot;}\">\n\t\t\t\t\t\t\t<div class=\"elementor-background-overlay\"><\/div>\n\t\t\t\t\t\t\t<div class=\"elementor-container elementor-column-gap-no\">\n\t\t\t\t\t<div class=\"elementor-column elementor-col-100 elementor-top-column elementor-element elementor-element-7033f70a\" data-id=\"7033f70a\" data-element_type=\"column\" data-e-type=\"column\">\n\t\t\t<div class=\"elementor-widget-wrap elementor-element-populated\">\n\t\t\t\t\t\t<div class=\"elementor-element elementor-element-111cc374 elementor-widget elementor-widget-heading\" data-id=\"111cc374\" data-element_type=\"widget\" data-e-type=\"widget\" data-widget_type=\"heading.default\">\n\t\t\t\t<div class=\"elementor-widget-container\">\n\t\t\t\t\t<h1 class=\"elementor-heading-title elementor-size-default\">Datenschutzbestimmungen<\/h1>\t\t\t\t<\/div>\n\t\t\t\t<\/div>\n\t\t\t\t\t<\/div>\n\t\t<\/div>\n\t\t\t\t\t<\/div>\n\t\t<\/section>\n\t\t\t\t<section class=\"elementor-section elementor-top-section elementor-element elementor-element-18af19db elementor-section-boxed elementor-section-height-default elementor-section-height-default\" data-id=\"18af19db\" data-element_type=\"section\" data-e-type=\"section\">\n\t\t\t\t\t\t<div class=\"elementor-container elementor-column-gap-default\">\n\t\t\t\t\t<div class=\"elementor-column elementor-col-100 elementor-top-column elementor-element elementor-element-3d4a90f4\" data-id=\"3d4a90f4\" data-element_type=\"column\" data-e-type=\"column\">\n\t\t\t<div class=\"elementor-widget-wrap elementor-element-populated\">\n\t\t\t\t\t\t<div class=\"elementor-element elementor-element-6ac287ea elementor-widget elementor-widget-text-editor\" data-id=\"6ac287ea\" data-element_type=\"widget\" data-e-type=\"widget\" data-widget_type=\"text-editor.default\">\n\t\t\t\t<div class=\"elementor-widget-container\">\n\t\t\t\t\t\t\t\t\t<div id=\"content\"><div id=\"node-948\"><div id=\"content\"><div id=\"node-948\"><header class=\"text-center\"><div id=\"content\"><div id=\"node-948\"><div id=\"content\"><div id=\"node-948\"><header class=\"text-center\"><h3 class=\"m-auto\">DATENSCHUTZERKL\u00c4RUNG F\u00dcR DIE WEBSITE<\/h3><h4><span class=\"blanc-space ng-binding\">www.juanverdunmarbella.com<\/span><\/h4><p>\u00a0<\/p><\/header><div><h3>I. DATENSCHUTZ UND DATENSCHUTZPOLITIK<\/h3><p>In \u00dcbereinstimmung mit der geltenden Gesetzgebung verpflichtet sich <strong>JUAN VERD\u00daN S.L.<\/strong> (im Folgenden auch die Website), die notwendigen technischen und organisatorischen Ma\u00dfnahmen zu ergreifen, die dem Risiko der erhobenen Daten angemessen sind.<\/p><h4>Gesetze, die in diese Datenschutzrichtlinie aufgenommen wurden<\/h4><p>Diese Datenschutzpolitik ist an die aktuelle spanische und europ\u00e4ische Gesetzgebung zum Schutz pers\u00f6nlicher Daten im Internet angepasst. Sie beachtet insbesondere die folgenden Regeln:<\/p><ul><li>Verordnung (EU) 2016\/679 des Europ\u00e4ischen Parlaments und des Rates vom 27. April 2016 zum Schutz nat\u00fcrlicher Personen bei der Verarbeitung personenbezogener Daten und zum freien Datenverkehr (GDPR).<\/li><li>Organgesetz 3\/2018 vom 5. Dezember \u00fcber den Schutz personenbezogener Daten und die Gew\u00e4hrleistung der digitalen Rechte (LOPD-GDD).<\/li><li>K\u00f6niglicher Erlass 1720\/2007 vom 21. Dezember zur Verabschiedung der Verordnung zur Durchf\u00fchrung des Organgesetzes 15\/1999 vom 13. Dezember \u00fcber den Schutz personenbezogener Daten (RDLOPD).<\/li><li>Gesetz 34\/2002 vom 11. Juli \u00fcber die Dienste der Informationsgesellschaft und den elektronischen Handel (LSSI-CE).<\/li><\/ul><h4>Identit\u00e4t des f\u00fcr die Verarbeitung der personenbezogenen Daten Verantwortlichen<\/h4><p>JUAN VERD\u00daN S.L. ist f\u00fcr die Verarbeitung der personenbezogenen Daten verantwortlich, die in JUAN VERD\u00daN S.L. mit der CIF-Nummer B29841608 (im Folgenden &#8220;der f\u00fcr die Verarbeitung Verantwortliche&#8221;) erfasst werden. Seine Kontaktdaten lauten wie folgt:<\/p><p>Adresse: Pol\u00edgono Industrial La Mata, 9 29700 V\u00e9lez-M\u00e1laga (M\u00e1laga)<\/p><p>Telefonnummer der Kontaktperson: 952502527<\/p><p>Kontakt E-Mail: juanverdun@juanverdun.com<\/p><h4>Registro de Datos de Car\u00e1cter Personal<\/h4><p>En cumplimiento de lo establecido en el RGPD y la LOPD-GDD, le informamos que los datos personales recabados por <span class=\"blanc-space ng-binding\"><strong>JUAN VERD\u00daN S.L<\/strong><\/span>, mediante los formularios extendidos en sus p\u00e1ginas quedar\u00e1n incorporados y ser\u00e1n tratados en nuestro fichero con el fin de poder facilitar, agilizar y cumplir los compromisos establecidos entre <span class=\"blanc-space ng-binding\"><strong>JUAN VERD\u00daN S.L<\/strong><\/span> y el Usuario o el mantenimiento de la relaci\u00f3n que se establezca en los formularios que este rellene, o para atender una solicitud o consulta del mismo. Asimismo, de conformidad con lo previsto en el RGPD y la LOPD-GDD, salvo que sea de aplicaci\u00f3n la excepci\u00f3n prevista en el art\u00edculo 30.5 del RGPD, se mantiene un registro de actividades de tratamiento que especifica, seg\u00fan sus finalidades, las actividades de tratamiento llevadas a cabo y las dem\u00e1s circunstancias establecidas en el RGPD.<\/p><h4>Register der personenbezogenen Daten<\/h4><p>Die Verarbeitung der personenbezogenen Daten des Nutzers unterliegt den folgenden Grunds\u00e4tzen, die in Artikel 5 der RGPD und in Artikel 4 ff. des Organgesetzes 3\/2018 vom 5. Dezember \u00fcber den Schutz personenbezogener Daten und die Gew\u00e4hrleistung der digitalen Rechte festgelegt sind:<\/p><ul><li>Grundsatz der Rechtm\u00e4\u00dfigkeit, Fairness und Transparenz: Die Zustimmung des Nutzers ist jederzeit nach vollst\u00e4ndiger und transparenter Information \u00fcber die Zwecke, f\u00fcr die die personenbezogenen Daten erhoben werden, erforderlich.<\/li><li>Grundsatz der Zweckbindung: Personenbezogene Daten d\u00fcrfen nur f\u00fcr festgelegte, eindeutige und rechtm\u00e4\u00dfige Zwecke erhoben werden..<\/li><li>Grundsatz der Datenminimierung: Es werden nur solche personenbezogenen Daten erhoben, die f\u00fcr die Zwecke, f\u00fcr die sie verarbeitet werden, unbedingt erforderlich sind.<\/li><li>Grundsatz der sachlichen Richtigkeit: Personenbezogene Daten m\u00fcssen sachlich richtig und stets auf dem neuesten Stand sein..<\/li><li>Grundsatz der Begrenzung der Speicherdauer: Personenbezogene Daten d\u00fcrfen nur so lange, wie es f\u00fcr die Zwecke der Verarbeitung erforderlich ist, in einer Form gespeichert werden, die die Identifizierung des Nutzers erm\u00f6glicht..<\/li><li>Grundsatz der Integrit\u00e4t und Vertraulichkeit: Personenbezogene Daten sind in einer Weise zu verarbeiten, die ihre Sicherheit und Vertraulichkeit gew\u00e4hrleistet.<\/li><li>Grundsatz der proaktiven Rechenschaftspflicht: Der f\u00fcr die Verarbeitung Verantwortliche ist daf\u00fcr zust\u00e4ndig, dass die oben genannten Grunds\u00e4tze eingehalten werden..<\/li><\/ul><h4>Kategorien von personenbezogenen Daten<\/h4><p>Bei den von <strong>JUAN VERD\u00daN S.L<\/strong>. verarbeiteten Datenkategorien handelt es sich ausschlie\u00dflich um Identifikationsdaten. Unter keinen Umst\u00e4nden werden besondere Kategorien personenbezogener Daten im Sinne von Artikel 9 der RGPD verarbeitet.<\/p><h4>Rechtsgrundlage f\u00fcr die Verarbeitung von personenbezogenen Daten<\/h4><p>Die Rechtsgrundlage f\u00fcr die Verarbeitung personenbezogener Daten ist die Einwilligung. <strong>JUAN VERD\u00daN S.L<\/strong>. verpflichtet sich, die ausdr\u00fcckliche und \u00fcberpr\u00fcfbare Zustimmung des Nutzers zur Verarbeitung seiner personenbezogenen Daten f\u00fcr einen oder mehrere bestimmte Zwecke einzuholen.<\/p><p>Der Nutzer hat das Recht, seine Einwilligung jederzeit zu widerrufen. Der Widerruf der Einwilligung muss genauso einfach sein wie die Erteilung der Einwilligung. In der Regel darf der Widerruf der Einwilligung die Nutzung der Website nicht einschr\u00e4nken.<\/p><p>In den F\u00e4llen, in denen der Nutzer seine Daten \u00fcber Formulare eingeben muss oder kann, um Anfragen zu stellen, Informationen anzufordern oder aus Gr\u00fcnden, die mit dem Inhalt der Website zusammenh\u00e4ngen, wird er dar\u00fcber informiert, wenn das Ausf\u00fcllen eines dieser Formulare obligatorisch ist, weil es f\u00fcr die ordnungsgem\u00e4\u00dfe Abwicklung der durchgef\u00fchrten Operation unerl\u00e4sslich ist.<\/p><h4>Fines del tratamiento a que se destinan los datos personales<\/h4><p>Die personenbezogenen Daten werden von <strong>JUAN VERD\u00daN S.L<\/strong>. erfasst und verwaltet, um die zwischen der Website und dem Benutzer eingegangenen Verpflichtungen zu erleichtern, zu beschleunigen und zu erf\u00fcllen oder um die in den vom Benutzer ausgef\u00fcllten Formularen hergestellte Beziehung aufrechtzuerhalten oder um eine Anfrage oder einen Antrag zu bearbeiten.<\/p><p>Ebenso k\u00f6nnen die Daten f\u00fcr kommerzielle, personalisierte, betriebliche und statistische Zwecke und f\u00fcr Aktivit\u00e4ten im Zusammenhang mit dem Unternehmenszweck von <strong>JUAN VERD\u00daN S.L<\/strong>. sowie f\u00fcr die Datenextraktion, Speicherung und Marketingstudien zur Anpassung der dem Nutzer angebotenen Inhalte sowie zur Verbesserung der Qualit\u00e4t, des Betriebs und des Surfens auf der Website verwendet werden.<\/p><p>Bei der Erfassung der personenbezogenen Daten wird der Nutzer \u00fcber den spezifischen Zweck oder die Zwecke der Verarbeitung informiert, f\u00fcr die die personenbezogenen Daten verwendet werden, d. h. \u00fcber die Verwendung oder die Verwendungen der erfassten Informationen.<\/p><p>.<\/p><h4>Aufbewahrungsfristen f\u00fcr personenbezogene Daten<\/h4><p>Die personenbezogenen Daten werden nur so lange aufbewahrt, wie es f\u00fcr die Zwecke ihrer Verarbeitung erforderlich ist, und in jedem Fall nur f\u00fcr den folgenden Zeitraum: 12 Jahre oder bis der Nutzer ihre L\u00f6schung beantragt.<\/p><p>Zum Zeitpunkt der Erhebung der personenbezogenen Daten wird der Nutzer \u00fcber den Zeitraum informiert, f\u00fcr den die personenbezogenen Daten aufbewahrt werden, oder, falls dies nicht m\u00f6glich ist, \u00fcber die Kriterien, nach denen dieser Zeitraum bestimmt wird.<\/p><h4>Destinatarios de los datos personales<\/h4><p>Die personenbezogenen Daten des Nutzers werden nicht an Dritte weitergegeben.<\/p><p>In jedem Fall wird der Nutzer zum Zeitpunkt der Erhebung der personenbezogenen Daten \u00fcber die Empf\u00e4nger oder Kategorien von Empf\u00e4ngern der personenbezogenen Daten informiert.<\/p><h4>Datos personales de menores de edad<\/h4><p>Gem\u00e4\u00df den Bestimmungen der Artikel 8 der RGPD und 7 des Organgesetzes 3\/2018 vom 5. Dezember \u00fcber den Schutz personenbezogener Daten und die Gew\u00e4hrleistung digitaler Rechte k\u00f6nnen nur Personen \u00fcber 14 Jahren ihre Zustimmung zur rechtm\u00e4\u00dfigen Verarbeitung ihrer personenbezogenen Daten durch <strong>JUAN VERD\u00daN S.L.<\/strong> geben. Bei Minderj\u00e4hrigen unter 14 Jahren ist die Zustimmung der Eltern oder des Vormunds f\u00fcr die Verarbeitung erforderlich, die nur dann als rechtm\u00e4\u00dfig angesehen wird, wenn sie sie genehmigt haben..<\/p><h4>Geheimhaltung und Sicherheit der personenbezogenen Daten<\/h4><p><strong>JUAN VERD\u00daN S.L<\/strong>. verpflichtet sich, die notwendigen technischen und organisatorischen Ma\u00dfnahmen zu ergreifen, die dem Risiko der erhobenen Daten angemessen sind, um die Sicherheit der personenbezogenen Daten zu gew\u00e4hrleisten und die versehentliche oder unrechtm\u00e4\u00dfige Zerst\u00f6rung, den Verlust oder die Ver\u00e4nderung der \u00fcbermittelten, gespeicherten oder anderweitig verarbeiteten personenbezogenen Daten sowie die unbefugte Weitergabe oder den unbefugten Zugriff auf diese Daten zu verhindern.<\/p><p>Die Website verf\u00fcgt \u00fcber ein SSL-Zertifikat (Secure Socket Layer), das eine sichere und vertrauliche \u00dcbermittlung personenbezogener Daten gew\u00e4hrleistet, da die Daten\u00fcbertragung zwischen dem Server und dem Nutzer sowie die R\u00fcckmeldungen vollst\u00e4ndig verschl\u00fcsselt oder codiert sind.<\/p><p>Da <strong>JUAN VERD\u00daN S.L<\/strong>. jedoch weder die Unangreifbarkeit des Internets noch die v\u00f6llige Abwesenheit von Hackern oder anderen Personen, die sich auf betr\u00fcgerische Weise Zugang zu personenbezogenen Daten verschaffen, garantieren kann, verpflichtet sich der f\u00fcr die Verarbeitung Verantwortliche, den Nutzer unverz\u00fcglich zu informieren, wenn eine Verletzung der Sicherheit personenbezogener Daten auftritt, die ein hohes Risiko f\u00fcr die Rechte und Freiheiten nat\u00fcrlicher Personen mit sich bringen k\u00f6nnte. Gem\u00e4\u00df Artikel 4 der Datenschutz-Grundverordnung ist unter einer Verletzung der Sicherheit personenbezogener Daten jede Verletzung der Sicherheit zu verstehen, die zur zuf\u00e4lligen oder unrechtm\u00e4\u00dfigen Zerst\u00f6rung, zum Verlust oder zur Ver\u00e4nderung der \u00fcbermittelten, gespeicherten oder anderweitig verarbeiteten personenbezogenen Daten oder zur unbefugten Weitergabe dieser Daten oder zum unbefugten Zugang zu diesen Daten f\u00fchrt.<\/p><p>Der f\u00fcr die Verarbeitung Verantwortliche behandelt personenbezogene Daten vertraulich und verpflichtet sich, seine Mitarbeiter, Partner und alle anderen Personen, denen er die Informationen zug\u00e4nglich macht, dar\u00fcber zu informieren und durch eine gesetzliche oder vertragliche Verpflichtung sicherzustellen, dass diese Vertraulichkeit gewahrt bleibt.<\/p><h4>Derechos derivados del tratamiento de los datos personales<\/h4><p>Der Nutzer hat gegen\u00fcber <strong>JUAN VERD\u00daN S.L<\/strong>. folgende Rechte, die in der RGPD und dem Organgesetz 3\/2018 vom 5. Dezember \u00fcber den Schutz personenbezogener Daten und die Gew\u00e4hrleistung digitaler Rechte gegen\u00fcber dem Datenverwalter anerkannt sind:<\/p><ul><li><strong>Zugangsrecht<\/strong>: Der Nutzer hat das Recht, eine Best\u00e4tigung dar\u00fcber zu erhalten, ob <strong>JUAN VERD\u00daN S.L.<\/strong> seine pers\u00f6nlichen Daten verarbeitet oder nicht, und wenn ja, Informationen \u00fcber seine spezifischen pers\u00f6nlichen Daten und \u00fcber die von <strong>JUAN VERD\u00daN S.L<\/strong>. durchgef\u00fchrte oder geplante Verarbeitung zu erhalten, sowie unter anderem die verf\u00fcgbaren Informationen \u00fcber die Herkunft dieser Daten und die Empf\u00e4nger der f\u00fcr sie durchgef\u00fchrten oder geplanten Mitteilungen.<\/li><li><strong>Recht auf Berichtigung<\/strong>: Dies ist das Recht des Nutzers, seine personenbezogenen Daten \u00e4ndern zu lassen, wenn sie sich als unrichtig oder im Hinblick auf den Zweck der Verarbeitung als unvollst\u00e4ndig erweisen.<\/li><li><strong>Recht auf L\u00f6schung (&#8220;das Recht auf Vergessenwerden&#8221;)<\/strong>: Dies ist das Recht des Nutzers, sofern gesetzlich nichts anderes vorgesehen ist, die L\u00f6schung seiner personenbezogenen Daten zu erwirken, wenn die personenbezogenen Daten f\u00fcr die Zwecke, f\u00fcr die sie erhoben oder verarbeitet wurden, nicht mehr erforderlich sind; der Nutzer seine Einwilligung zu der Verarbeitung widerrufen hat und die Verarbeitung keine andere rechtm\u00e4\u00dfige Grundlage hat; der Nutzer Widerspruch gegen die Verarbeitung eingelegt hat und kein anderer rechtm\u00e4\u00dfiger Grund f\u00fcr die Fortsetzung der Verarbeitung vorliegt; die personenbezogenen Daten unrechtm\u00e4\u00dfig verarbeitet wurden; die personenbezogenen Daten aufgrund einer rechtlichen Verpflichtung gel\u00f6scht werden m\u00fcssen; oder die personenbezogenen Daten im Rahmen eines Direktangebots von Diensten der Informationsgesellschaft an ein Kind unter 14 Jahren erhoben wurden. Zus\u00e4tzlich zur L\u00f6schung ergreift der f\u00fcr die Verarbeitung Verantwortliche unter Ber\u00fccksichtigung der verf\u00fcgbaren Technologie und der Kosten ihrer Umsetzung angemessene Ma\u00dfnahmen, um die f\u00fcr die Verarbeitung Verantwortlichen, die die personenbezogenen Daten verarbeiten, \u00fcber den Antrag der betroffenen Person auf L\u00f6schung aller Verkn\u00fcpfungen mit diesen personenbezogenen Daten zu informieren.<\/li><li><strong>Recht auf Einschr\u00e4nkung der Verarbeitung<\/strong>: Dies ist das Recht des Nutzers, die Verarbeitung seiner personenbezogenen Daten einzuschr\u00e4nken. Der Nutzer hat das Recht, die Einschr\u00e4nkung der Verarbeitung zu erwirken, wenn er die Richtigkeit seiner personenbezogenen Daten bestreitet, die Verarbeitung unrechtm\u00e4\u00dfig ist, der f\u00fcr die Verarbeitung Verantwortliche die personenbezogenen Daten nicht mehr ben\u00f6tigt, der Nutzer sie aber zur Geltendmachung von Anspr\u00fcchen ben\u00f6tigt, und wenn der Nutzer der Verarbeitung widersprochen hat.<\/li><li><strong>Recht auf Daten\u00fcbertragbarkeit<\/strong>: Im Falle einer automatisierten Verarbeitung hat der Nutzer das Recht, von dem f\u00fcr die Verarbeitung Verantwortlichen seine personenbezogenen Daten in einem strukturierten, g\u00e4ngigen und maschinenlesbaren Format zu erhalten und sie einem anderen f\u00fcr die Verarbeitung Verantwortlichen zu \u00fcbermitteln. Soweit technisch machbar, \u00fcbermittelt der f\u00fcr die Verarbeitung Verantwortliche die Daten direkt an diesen anderen f\u00fcr die Verarbeitung Verantwortlichen.<\/li><li><strong>Recht auf Widerspruch<\/strong>: Dies ist das Recht des Nutzers, die Verarbeitung seiner pers\u00f6nlichen Daten zu verweigern oder <strong>JUAN VERD\u00daN S.L<\/strong>. von der Verarbeitung abzuhalten.<\/li><li>Recht, keiner Entscheidung unterworfen zu werden, die ausschlie\u00dflich auf einer automatisierten Verarbeitung, einschlie\u00dflich Profiling, beruht: Dies ist das Recht des Nutzers, keiner individualisierten Entscheidung unterworfen zu werden, die ausschlie\u00dflich auf einer automatisierten Verarbeitung seiner personenbezogenen Daten, einschlie\u00dflich Profiling, beruht, es sei denn, das Gesetz sieht etwas anderes vor.<\/li><\/ul><p>Daher kann der Nutzer seine Rechte durch eine schriftliche Mitteilung an den f\u00fcr die Datenverarbeitung Verantwortlichen mit dem Aktenzeichen &#8220;RGPD-www.juanverdunmarbella.com&#8221; aus\u00fcben, in der Folgendes angegeben wird:<\/p><ul><li>Name, Nachname(n) des Nutzers und Kopie des Personalausweises. In den F\u00e4llen, in denen eine Vertretung zul\u00e4ssig ist, muss auch die Person, die den Nutzer vertritt, mit denselben Mitteln identifiziert werden, ebenso wie das Dokument, das die Vertretung best\u00e4tigt. Die Fotokopie des DNI kann durch jedes andere rechtsg\u00fcltige Mittel ersetzt werden, das die Identit\u00e4t best\u00e4tigt.<\/li><li>Antrag mit spezifischen Gr\u00fcnden f\u00fcr den Antrag oder die Informationen, auf die zugegriffen werden soll.<\/li><li>Anschrift f\u00fcr die Zustellung.<\/li><li>Datum und Unterschrift des Antragstellers.<\/li><li>Alle Dokumente, die das Ersuchen unterst\u00fctzen.<\/li><\/ul><p>Diese Bewerbung und alle beigef\u00fcgten Unterlagen k\u00f6nnen an die folgende Adresse und\/oder E-Mail-Adresse geschickt werden:<\/p><p>Postanschrift: Pol\u00edgono Industrial La Mata, 9 29700 V\u00e9lez-M\u00e1laga (M\u00e1laga)<\/p><p>E-Mail Adresse: juanverdun@juanverdun.com<\/p><h4>Links zu Websites Dritter<\/h4><p>Die Website kann Hyperlinks oder Links enthalten, die den Zugang zu Websites Dritter erm\u00f6glichen, die nicht von <strong>JUAN VERD\u00daN S.<\/strong>L. betrieben werden. Die Eigent\u00fcmer dieser Websites haben ihre eigene Datenschutzpolitik und sind in jedem Fall selbst f\u00fcr ihre eigenen Dateien und ihre eigenen Datenschutzpraktiken verantwortlich.<\/p><h4>Beschwerden bei der Aufsichtsbeh\u00f6rde<\/h4><p>Sollte der Nutzer der Ansicht sein, dass die Art und Weise der Verarbeitung seiner personenbezogenen Daten ein Problem oder einen Versto\u00df gegen die geltenden Vorschriften darstellt, hat er das Recht auf einen wirksamen gerichtlichen Rechtsschutz und das Recht, eine Beschwerde bei einer Aufsichtsbeh\u00f6rde einzureichen, insbesondere in dem Staat, in dem er seinen gew\u00f6hnlichen Wohnsitz, seinen Arbeitsplatz oder den Ort des angeblichen Versto\u00dfes hat. Im Falle Spaniens ist die Aufsichtsbeh\u00f6rde die spanische Datenschutzbeh\u00f6rde (https:\/\/www.aepd.es\/).<\/p><h3>II. AKZEPTANZ UND \u00c4NDERUNGEN DIESER DATENSCHUTZPOLITIK<\/h3><p>Es ist notwendig, dass der Nutzer die in dieser Datenschutzrichtlinie enthaltenen Bedingungen f\u00fcr den Schutz personenbezogener Daten gelesen hat und ihnen zustimmt, sowie dass er die Verarbeitung seiner personenbezogenen Daten akzeptiert, damit der f\u00fcr die Datenverarbeitung Verantwortliche auf die angegebene Weise, in den angegebenen Zeitr\u00e4umen und zu den angegebenen Zwecken vorgehen kann. Die Nutzung der Website setzt die Annahme der Datenschutzpolitik voraus.<\/p><p><strong>JUAN VERD\u00daN S.L<\/strong>. beh\u00e4lt sich das Recht vor, seine Datenschutzpolitik nach eigenen Kriterien oder aufgrund einer \u00c4nderung der Gesetzgebung, der Rechtsprechung oder der Doktrin der spanischen Datenschutzbeh\u00f6rde zu \u00e4ndern. \u00c4nderungen oder Aktualisierungen der vorliegenden Datenschutzpolitik werden dem Nutzer nicht ausdr\u00fccklich mitgeteilt. Dem Nutzer wird empfohlen, diese Seite regelm\u00e4\u00dfig zu konsultieren, um sich \u00fcber die neuesten \u00c4nderungen oder Aktualisierungen zu informieren.<\/p><p>Diese Datenschutzrichtlinie wurde aktualisiert, um sie an die Verordnung (EU) 2016\/679 des Europ\u00e4ischen Parlaments und des Rates vom 27. April 2016 zum Schutz nat\u00fcrlicher Personen bei der Verarbeitung personenbezogener Daten und zum freien Datenverkehr (RGPD) und an das Organgesetz 3\/2018 vom 5. Dezember \u00fcber den Schutz personenbezogener Daten und die Gew\u00e4hrleistung digitaler Rechte anzupassen.<\/p><\/div><\/div><\/div><\/div><\/div><\/header><\/div><\/div><\/div><\/div>\t\t\t\t\t\t\t\t<\/div>\n\t\t\t\t<\/div>\n\t\t\t\t\t<\/div>\n\t\t<\/div>\n\t\t\t\t\t<\/div>\n\t\t<\/section>\n\t\t\t\t<section class=\"elementor-section elementor-top-section elementor-element elementor-element-4b6f10cd elementor-section-full_width elementor-section-height-default elementor-section-height-default\" data-id=\"4b6f10cd\" data-element_type=\"section\" data-e-type=\"section\">\n\t\t\t\t\t\t<div class=\"elementor-container elementor-column-gap-no\">\n\t\t\t\t\t<div class=\"elementor-column elementor-col-50 elementor-top-column elementor-element elementor-element-66ed44f9\" data-id=\"66ed44f9\" data-element_type=\"column\" data-e-type=\"column\" data-settings=\"{&quot;background_background&quot;:&quot;classic&quot;}\">\n\t\t\t<div class=\"elementor-widget-wrap elementor-element-populated\">\n\t\t\t\t\t<div class=\"elementor-background-overlay\"><\/div>\n\t\t\t\t\t\t<section class=\"elementor-section elementor-inner-section elementor-element elementor-element-3871c967 elementor-section-boxed elementor-section-height-default elementor-section-height-default\" data-id=\"3871c967\" data-element_type=\"section\" data-e-type=\"section\">\n\t\t\t\t\t\t<div class=\"elementor-container elementor-column-gap-no\">\n\t\t\t\t\t<div class=\"elementor-column elementor-col-100 elementor-inner-column elementor-element elementor-element-2885f436\" data-id=\"2885f436\" data-element_type=\"column\" data-e-type=\"column\">\n\t\t\t<div class=\"elementor-widget-wrap elementor-element-populated\">\n\t\t\t\t\t\t<div class=\"elementor-element elementor-element-726c486a elementor-widget elementor-widget-heading\" data-id=\"726c486a\" data-element_type=\"widget\" data-e-type=\"widget\" data-widget_type=\"heading.default\">\n\t\t\t\t<div class=\"elementor-widget-container\">\n\t\t\t\t\t<h4 class=\"elementor-heading-title elementor-size-default\">Sostenibilidad<\/h4>\t\t\t\t<\/div>\n\t\t\t\t<\/div>\n\t\t\t\t<div class=\"elementor-element elementor-element-6ab1245e elementor-widget elementor-widget-heading\" data-id=\"6ab1245e\" data-element_type=\"widget\" data-e-type=\"widget\" data-widget_type=\"heading.default\">\n\t\t\t\t<div class=\"elementor-widget-container\">\n\t\t\t\t\t<h2 class=\"elementor-heading-title elementor-size-default\">Comprometidos a mantener la energ\u00eda<\/h2>\t\t\t\t<\/div>\n\t\t\t\t<\/div>\n\t\t\t\t<div class=\"elementor-element elementor-element-46d60500 elementor-widget elementor-widget-text-editor\" data-id=\"46d60500\" data-element_type=\"widget\" data-e-type=\"widget\" data-widget_type=\"text-editor.default\">\n\t\t\t\t<div class=\"elementor-widget-container\">\n\t\t\t\t\t\t\t\t\t<p>El sistema de aislamiento del pvc permite conservar el calor de los espacios, as\u00ed como aislarlos del fr\u00edo, calor y ruido.<\/p>\t\t\t\t\t\t\t\t<\/div>\n\t\t\t\t<\/div>\n\t\t\t\t<div class=\"elementor-element elementor-element-7690cb4b elementor-widget elementor-widget-button\" data-id=\"7690cb4b\" data-element_type=\"widget\" data-e-type=\"widget\" data-widget_type=\"button.default\">\n\t\t\t\t<div class=\"elementor-widget-container\">\n\t\t\t\t\t\t\t\t\t<div class=\"elementor-button-wrapper\">\n\t\t\t\t\t<a class=\"elementor-button elementor-button-link elementor-size-sm\" href=\"https:\/\/juanverdun.com\/de\/kontakt\/\">\n\t\t\t\t\t\t<span class=\"elementor-button-content-wrapper\">\n\t\t\t\t\t\t\t\t\t<span class=\"elementor-button-text\">contacta<\/span>\n\t\t\t\t\t<\/span>\n\t\t\t\t\t<\/a>\n\t\t\t\t<\/div>\n\t\t\t\t\t\t\t\t<\/div>\n\t\t\t\t<\/div>\n\t\t\t\t\t<\/div>\n\t\t<\/div>\n\t\t\t\t\t<\/div>\n\t\t<\/section>\n\t\t\t\t\t<\/div>\n\t\t<\/div>\n\t\t\t\t<div class=\"elementor-column elementor-col-50 elementor-top-column elementor-element elementor-element-5f48329a\" data-id=\"5f48329a\" data-element_type=\"column\" data-e-type=\"column\" data-settings=\"{&quot;background_background&quot;:&quot;classic&quot;}\">\n\t\t\t<div class=\"elementor-widget-wrap elementor-element-populated\">\n\t\t\t\t\t<div class=\"elementor-background-overlay\"><\/div>\n\t\t\t\t\t\t<section class=\"elementor-section elementor-inner-section elementor-element elementor-element-7ddf30d6 elementor-section-boxed elementor-section-height-default elementor-section-height-default\" data-id=\"7ddf30d6\" data-element_type=\"section\" data-e-type=\"section\">\n\t\t\t\t\t\t<div class=\"elementor-container elementor-column-gap-no\">\n\t\t\t\t\t<div class=\"elementor-column elementor-col-100 elementor-inner-column elementor-element elementor-element-52e2a565\" data-id=\"52e2a565\" data-element_type=\"column\" data-e-type=\"column\">\n\t\t\t<div class=\"elementor-widget-wrap elementor-element-populated\">\n\t\t\t\t\t\t<div class=\"elementor-element elementor-element-19307044 elementor-widget elementor-widget-heading\" data-id=\"19307044\" data-element_type=\"widget\" data-e-type=\"widget\" data-widget_type=\"heading.default\">\n\t\t\t\t<div class=\"elementor-widget-container\">\n\t\t\t\t\t<h3 class=\"elementor-heading-title elementor-size-default\">Seguimos las mejores pr\u00e1cticas<\/h3>\t\t\t\t<\/div>\n\t\t\t\t<\/div>\n\t\t\t\t<div class=\"elementor-element elementor-element-45415f50 elementor-widget elementor-widget-text-editor\" data-id=\"45415f50\" data-element_type=\"widget\" data-e-type=\"widget\" data-widget_type=\"text-editor.default\">\n\t\t\t\t<div class=\"elementor-widget-container\">\n\t\t\t\t\t\t\t\t\t<p>Juan Verd\u00fan es una empresa comprometida con sus clientes y con el medio ambiente.<\/p>\t\t\t\t\t\t\t\t<\/div>\n\t\t\t\t<\/div>\n\t\t\t\t<div class=\"elementor-element elementor-element-4adfaf4 elementor-icon-list--layout-traditional elementor-list-item-link-full_width elementor-widget elementor-widget-icon-list\" data-id=\"4adfaf4\" data-element_type=\"widget\" data-e-type=\"widget\" data-widget_type=\"icon-list.default\">\n\t\t\t\t<div class=\"elementor-widget-container\">\n\t\t\t\t\t\t\t<ul class=\"elementor-icon-list-items\">\n\t\t\t\t\t\t\t<li class=\"elementor-icon-list-item\">\n\t\t\t\t\t\t\t\t\t\t\t<span class=\"elementor-icon-list-icon\">\n\t\t\t\t\t\t\t<i aria-hidden=\"true\" class=\"fas fa-recycle\"><\/i>\t\t\t\t\t\t<\/span>\n\t\t\t\t\t\t\t\t\t\t<span class=\"elementor-icon-list-text\">Sostenibilidad<\/span>\n\t\t\t\t\t\t\t\t\t<\/li>\n\t\t\t\t\t\t\t\t<li class=\"elementor-icon-list-item\">\n\t\t\t\t\t\t\t\t\t\t\t<span class=\"elementor-icon-list-icon\">\n\t\t\t\t\t\t\t<i aria-hidden=\"true\" class=\"fas fa-clock\"><\/i>\t\t\t\t\t\t<\/span>\n\t\t\t\t\t\t\t\t\t\t<span class=\"elementor-icon-list-text\">Proyectos en plazo<\/span>\n\t\t\t\t\t\t\t\t\t<\/li>\n\t\t\t\t\t\t\t\t<li class=\"elementor-icon-list-item\">\n\t\t\t\t\t\t\t\t\t\t\t<span class=\"elementor-icon-list-icon\">\n\t\t\t\t\t\t\t<i aria-hidden=\"true\" class=\"fas fa-desktop\"><\/i>\t\t\t\t\t\t<\/span>\n\t\t\t\t\t\t\t\t\t\t<span class=\"elementor-icon-list-text\">Tecnolog\u00eda punta<\/span>\n\t\t\t\t\t\t\t\t\t<\/li>\n\t\t\t\t\t\t\t\t<li class=\"elementor-icon-list-item\">\n\t\t\t\t\t\t\t\t\t\t\t<span class=\"elementor-icon-list-icon\">\n\t\t\t\t\t\t\t<i aria-hidden=\"true\" class=\"fas fa-pencil-ruler\"><\/i>\t\t\t\t\t\t<\/span>\n\t\t\t\t\t\t\t\t\t\t<span class=\"elementor-icon-list-text\">Dise\u00f1os vanguardistas<\/span>\n\t\t\t\t\t\t\t\t\t<\/li>\n\t\t\t\t\t\t<\/ul>\n\t\t\t\t\t\t<\/div>\n\t\t\t\t<\/div>\n\t\t\t\t\t<\/div>\n\t\t<\/div>\n\t\t\t\t\t<\/div>\n\t\t<\/section>\n\t\t\t\t\t<\/div>\n\t\t<\/div>\n\t\t\t\t\t<\/div>\n\t\t<\/section>\n\t\t\t\t<\/div>\n\t\t","protected":false},"excerpt":{"rendered":"<p>Datenschutzbestimmungen DATENSCHUTZERKL\u00c4RUNG F\u00dcR DIE WEBSITE www.juanverdunmarbella.com \u00a0 I. DATENSCHUTZ UND DATENSCHUTZPOLITIK In \u00dcbereinstimmung mit der geltenden Gesetzgebung verpflichtet sich JUAN VERD\u00daN S.L. (im Folgenden auch die Website), die notwendigen technischen und organisatorischen Ma\u00dfnahmen zu ergreifen, die dem Risiko der erhobenen Daten angemessen sind. Gesetze, die in diese Datenschutzrichtlinie aufgenommen wurden Diese Datenschutzpolitik ist an die [&hellip;]<\/p>\n","protected":false},"author":3,"featured_media":0,"parent":0,"menu_order":0,"comment_status":"closed","ping_status":"closed","template":"","meta":{"site-sidebar-layout":"default","site-content-layout":"page-builder","ast-site-content-layout":"default","site-content-style":"default","site-sidebar-style":"default","ast-global-header-display":"","ast-banner-title-visibility":"","ast-main-header-display":"","ast-hfb-above-header-display":"","ast-hfb-below-header-display":"","ast-hfb-mobile-header-display":"","site-post-title":"disabled","ast-breadcrumbs-content":"","ast-featured-img":"disabled","footer-sml-layout":"","ast-disable-related-posts":"","theme-transparent-header-meta":"enabled","adv-header-id-meta":"","stick-header-meta":"","header-above-stick-meta":"","header-main-stick-meta":"","header-below-stick-meta":"","astra-migrate-meta-layouts":"default","ast-page-background-enabled":"default","ast-page-background-meta":{"desktop":{"background-color":"var(--ast-global-color-4)","background-image":"","background-repeat":"repeat","background-position":"center center","background-size":"auto","background-attachment":"scroll","background-type":"","background-media":"","overlay-type":"","overlay-color":"","overlay-opacity":"","overlay-gradient":""},"tablet":{"background-color":"","background-image":"","background-repeat":"repeat","background-position":"center center","background-size":"auto","background-attachment":"scroll","background-type":"","background-media":"","overlay-type":"","overlay-color":"","overlay-opacity":"","overlay-gradient":""},"mobile":{"background-color":"","background-image":"","background-repeat":"repeat","background-position":"center center","background-size":"auto","background-attachment":"scroll","background-type":"","background-media":"","overlay-type":"","overlay-color":"","overlay-opacity":"","overlay-gradient":""}},"ast-content-background-meta":{"desktop":{"background-color":"var(--ast-global-color-5)","background-image":"","background-repeat":"repeat","background-position":"center center","background-size":"auto","background-attachment":"scroll","background-type":"","background-media":"","overlay-type":"","overlay-color":"","overlay-opacity":"","overlay-gradient":""},"tablet":{"background-color":"var(--ast-global-color-5)","background-image":"","background-repeat":"repeat","background-position":"center center","background-size":"auto","background-attachment":"scroll","background-type":"","background-media":"","overlay-type":"","overlay-color":"","overlay-opacity":"","overlay-gradient":""},"mobile":{"background-color":"var(--ast-global-color-5)","background-image":"","background-repeat":"repeat","background-position":"center center","background-size":"auto","background-attachment":"scroll","background-type":"","background-media":"","overlay-type":"","overlay-color":"","overlay-opacity":"","overlay-gradient":""}},"_joinchat":[],"footnotes":""},"class_list":["post-2443","page","type-page","status-publish","hentry"],"_links":{"self":[{"href":"https:\/\/www.juanverdun.com\/de\/wp-json\/wp\/v2\/pages\/2443","targetHints":{"allow":["GET"]}}],"collection":[{"href":"https:\/\/www.juanverdun.com\/de\/wp-json\/wp\/v2\/pages"}],"about":[{"href":"https:\/\/www.juanverdun.com\/de\/wp-json\/wp\/v2\/types\/page"}],"author":[{"embeddable":true,"href":"https:\/\/www.juanverdun.com\/de\/wp-json\/wp\/v2\/users\/3"}],"replies":[{"embeddable":true,"href":"https:\/\/www.juanverdun.com\/de\/wp-json\/wp\/v2\/comments?post=2443"}],"version-history":[{"count":0,"href":"https:\/\/www.juanverdun.com\/de\/wp-json\/wp\/v2\/pages\/2443\/revisions"}],"wp:attachment":[{"href":"https:\/\/www.juanverdun.com\/de\/wp-json\/wp\/v2\/media?parent=2443"}],"curies":[{"name":"wp","href":"https:\/\/api.w.org\/{rel}","templated":true}]}}